{"id":48802,"date":"2022-01-28T09:13:16","date_gmt":"2022-01-28T07:13:16","guid":{"rendered":"https:\/\/www.intarcon.com\/event\/expo-sifa-interprofessional-exhibition-of-refrigeration-and-its-applications\/"},"modified":"2022-11-10T10:25:31","modified_gmt":"2022-11-10T08:25:31","slug":"expo-sifa-salon-interprofessionnel-refrigeration-et-applications","status":"publish","type":"event","link":"https:\/\/www.intarcon.com\/fr\/event\/expo-sifa-salon-interprofessionnel-refrigeration-et-applications\/","title":{"rendered":"Expo SIFA (Salon interprofessionnel de la r\u00e9frig\u00e9ration et de ses applications)"},"content":{"rendered":"<p>SIFA est le lieu de rencontre de tous les acteurs de la cha\u00eene du froid : fabricants, installateurs, utilisateurs finaux, bureaux d&#8217;\u00e9tudes, OEM, etc. L&#8217;\u00e9v\u00e9nement combine un espace d&#8217;exposition et un programme de conf\u00e9rences au c\u0153ur des enjeux des professionnels du froid. Ainsi, les questions quotidiennes li\u00e9es \u00e0 la r\u00e9glementation, aux fluides frigorig\u00e8nes, \u00e0 l&#8217;A2L, aux probl\u00e9matiques d&#8217;\u00e9conomie d&#8217;\u00e9nergie, \u00e0 la maintenance ou encore au co\u00fbt global sont d\u00e9battues chaque ann\u00e9e par des experts.<\/p>\n<h2>Pourquoi la SIFA ?<\/h2>\n<ul>\n<li>Il r\u00e9unit en un seul lieu l&#8217;ensemble du secteur : fabricants, \u00e9quipementiers, distributeurs, installateurs, utilisateurs finaux, prescripteurs&#8230;<\/li>\n<li>Il propose un \u00e9v\u00e9nement UNIQUE d\u00e9di\u00e9 au froid.<\/li>\n<li>Cr\u00e9er un nouveau format adapt\u00e9 aux besoins du march\u00e9. D&#8217;une part, un espace d&#8217;exposition plus d\u00e9velopp\u00e9 pour attirer diff\u00e9rents types de visiteurs ; d&#8217;autre part, un programme de conf\u00e9rences et de s\u00e9minaires techniques, politiques et r\u00e9glementaires pour couvrir toutes les fonctions de l&#8217;entreprise.<\/li>\n<li>R\u00e9unir les forces du groupe PYC et d&#8217;Infopro Digital et proposer un \u00e9v\u00e9nement qui b\u00e9n\u00e9ficie des connaissances des secteurs en amont et en aval.<\/li>\n<\/ul>\n<p>Notre filiale KEYTER- INTARCON FRANCE sera pr\u00e9sente \u00e0 cet \u00e9v\u00e9nement.<\/p>\n<p>&nbsp;<\/p>\n","protected":false},"excerpt":{"rendered":"<p>SIFA est le lieu de rencontre de tous les acteurs de la cha\u00eene du froid : fabricants, installateurs, utilisateurs finaux, bureaux d&#8217;\u00e9tudes, OEM, etc. L&#8217;\u00e9v\u00e9nement combine un espace d&#8217;exposition et un programme de conf\u00e9rences au c\u0153ur des enjeux des professionnels du froid. Ainsi, les questions quotidiennes li\u00e9es \u00e0 la r\u00e9glementation, aux fluides frigorig\u00e8nes, \u00e0 l&#8217;A2L, [&hellip;]<\/p>\n","protected":false},"featured_media":0,"menu_order":0,"template":"","class_list":["post-48802","event","type-event","status-publish","hentry"],"yoast_head":"<!-- This site is optimized with the Yoast SEO plugin v25.5 - https:\/\/yoast.com\/wordpress\/plugins\/seo\/ -->\n<title>EXPO SIFA - INTARCON<\/title>\n<meta name=\"description\" content=\"L&#039;\u00e9v\u00e9nement combine un espace d&#039;exposition et un programme de conf\u00e9rences dans lequel toutes les branches du secteur de la r\u00e9frig\u00e9ration seront pr\u00e9sentes.\" \/>\n<meta name=\"robots\" content=\"index, follow, max-snippet:-1, max-image-preview:large, max-video-preview:-1\" \/>\n<link rel=\"canonical\" href=\"https:\/\/www.intarcon.com\/fr\/event\/expo-sifa-salon-interprofessionnel-refrigeration-et-applications\/\" \/>\n<meta property=\"og:locale\" content=\"fr_FR\" \/>\n<meta property=\"og:type\" content=\"article\" \/>\n<meta property=\"og:title\" content=\"EXPO SIFA - INTARCON\" \/>\n<meta property=\"og:description\" content=\"L&#039;\u00e9v\u00e9nement combine un espace d&#039;exposition et un programme de conf\u00e9rences dans lequel toutes les branches du secteur de la r\u00e9frig\u00e9ration seront pr\u00e9sentes.\" \/>\n<meta property=\"og:url\" content=\"https:\/\/www.intarcon.com\/fr\/event\/expo-sifa-salon-interprofessionnel-refrigeration-et-applications\/\" \/>\n<meta property=\"og:site_name\" content=\"INTARCON\" \/>\n<meta property=\"article:publisher\" content=\"https:\/\/www.facebook.com\/intarcon\/\" \/>\n<meta property=\"article:modified_time\" content=\"2022-11-10T08:25:31+00:00\" \/>\n<meta name=\"twitter:card\" content=\"summary_large_image\" \/>\n<meta name=\"twitter:site\" content=\"@Intarcon\" \/>\n<meta name=\"twitter:label1\" content=\"Est. reading time\" \/>\n\t<meta name=\"twitter:data1\" content=\"1 minute\" \/>\n<script type=\"application\/ld+json\" class=\"yoast-schema-graph\">{\"@context\":\"https:\/\/schema.org\",\"@graph\":[{\"@type\":\"WebPage\",\"@id\":\"https:\/\/www.intarcon.com\/fr\/event\/expo-sifa-salon-interprofessionnel-refrigeration-et-applications\/\",\"url\":\"https:\/\/www.intarcon.com\/fr\/event\/expo-sifa-salon-interprofessionnel-refrigeration-et-applications\/\",\"name\":\"EXPO SIFA - INTARCON\",\"isPartOf\":{\"@id\":\"https:\/\/www.intarcon.com\/fr\/#website\"},\"datePublished\":\"2022-01-28T07:13:16+00:00\",\"dateModified\":\"2022-11-10T08:25:31+00:00\",\"description\":\"L'\u00e9v\u00e9nement combine un espace d'exposition et un programme de conf\u00e9rences dans lequel toutes les branches du secteur de la r\u00e9frig\u00e9ration seront pr\u00e9sentes.\",\"breadcrumb\":{\"@id\":\"https:\/\/www.intarcon.com\/fr\/event\/expo-sifa-salon-interprofessionnel-refrigeration-et-applications\/#breadcrumb\"},\"inLanguage\":\"fr\",\"potentialAction\":[{\"@type\":\"ReadAction\",\"target\":[\"https:\/\/www.intarcon.com\/fr\/event\/expo-sifa-salon-interprofessionnel-refrigeration-et-applications\/\"]}]},{\"@type\":\"BreadcrumbList\",\"@id\":\"https:\/\/www.intarcon.com\/fr\/event\/expo-sifa-salon-interprofessionnel-refrigeration-et-applications\/#breadcrumb\",\"itemListElement\":[{\"@type\":\"ListItem\",\"position\":1,\"name\":\"Portada\",\"item\":\"https:\/\/www.intarcon.com\/fr\/\"},{\"@type\":\"ListItem\",\"position\":2,\"name\":\"Events\",\"item\":\"https:\/\/www.intarcon.com\/fr\/event\/\"},{\"@type\":\"ListItem\",\"position\":3,\"name\":\"Expo SIFA (Salon interprofessionnel de la r\u00e9frig\u00e9ration et de ses applications)\"}]},{\"@type\":\"WebSite\",\"@id\":\"https:\/\/www.intarcon.com\/fr\/#website\",\"url\":\"https:\/\/www.intarcon.com\/fr\/\",\"name\":\"INTARCON\",\"description\":\"\",\"potentialAction\":[{\"@type\":\"SearchAction\",\"target\":{\"@type\":\"EntryPoint\",\"urlTemplate\":\"https:\/\/www.intarcon.com\/fr\/?s={search_term_string}\"},\"query-input\":{\"@type\":\"PropertyValueSpecification\",\"valueRequired\":true,\"valueName\":\"search_term_string\"}}],\"inLanguage\":\"fr\"}]}<\/script>\n<!-- \/ Yoast SEO plugin. -->","yoast_head_json":{"title":"EXPO SIFA - INTARCON","description":"L'\u00e9v\u00e9nement combine un espace d'exposition et un programme de conf\u00e9rences dans lequel toutes les branches du secteur de la r\u00e9frig\u00e9ration seront pr\u00e9sentes.","robots":{"index":"index","follow":"follow","max-snippet":"max-snippet:-1","max-image-preview":"max-image-preview:large","max-video-preview":"max-video-preview:-1"},"canonical":"https:\/\/www.intarcon.com\/fr\/event\/expo-sifa-salon-interprofessionnel-refrigeration-et-applications\/","og_locale":"fr_FR","og_type":"article","og_title":"EXPO SIFA - INTARCON","og_description":"L'\u00e9v\u00e9nement combine un espace d'exposition et un programme de conf\u00e9rences dans lequel toutes les branches du secteur de la r\u00e9frig\u00e9ration seront pr\u00e9sentes.","og_url":"https:\/\/www.intarcon.com\/fr\/event\/expo-sifa-salon-interprofessionnel-refrigeration-et-applications\/","og_site_name":"INTARCON","article_publisher":"https:\/\/www.facebook.com\/intarcon\/","article_modified_time":"2022-11-10T08:25:31+00:00","twitter_card":"summary_large_image","twitter_site":"@Intarcon","twitter_misc":{"Est. reading time":"1 minute"},"schema":{"@context":"https:\/\/schema.org","@graph":[{"@type":"WebPage","@id":"https:\/\/www.intarcon.com\/fr\/event\/expo-sifa-salon-interprofessionnel-refrigeration-et-applications\/","url":"https:\/\/www.intarcon.com\/fr\/event\/expo-sifa-salon-interprofessionnel-refrigeration-et-applications\/","name":"EXPO SIFA - INTARCON","isPartOf":{"@id":"https:\/\/www.intarcon.com\/fr\/#website"},"datePublished":"2022-01-28T07:13:16+00:00","dateModified":"2022-11-10T08:25:31+00:00","description":"L'\u00e9v\u00e9nement combine un espace d'exposition et un programme de conf\u00e9rences dans lequel toutes les branches du secteur de la r\u00e9frig\u00e9ration seront pr\u00e9sentes.","breadcrumb":{"@id":"https:\/\/www.intarcon.com\/fr\/event\/expo-sifa-salon-interprofessionnel-refrigeration-et-applications\/#breadcrumb"},"inLanguage":"fr","potentialAction":[{"@type":"ReadAction","target":["https:\/\/www.intarcon.com\/fr\/event\/expo-sifa-salon-interprofessionnel-refrigeration-et-applications\/"]}]},{"@type":"BreadcrumbList","@id":"https:\/\/www.intarcon.com\/fr\/event\/expo-sifa-salon-interprofessionnel-refrigeration-et-applications\/#breadcrumb","itemListElement":[{"@type":"ListItem","position":1,"name":"Portada","item":"https:\/\/www.intarcon.com\/fr\/"},{"@type":"ListItem","position":2,"name":"Events","item":"https:\/\/www.intarcon.com\/fr\/event\/"},{"@type":"ListItem","position":3,"name":"Expo SIFA (Salon interprofessionnel de la r\u00e9frig\u00e9ration et de ses applications)"}]},{"@type":"WebSite","@id":"https:\/\/www.intarcon.com\/fr\/#website","url":"https:\/\/www.intarcon.com\/fr\/","name":"INTARCON","description":"","potentialAction":[{"@type":"SearchAction","target":{"@type":"EntryPoint","urlTemplate":"https:\/\/www.intarcon.com\/fr\/?s={search_term_string}"},"query-input":{"@type":"PropertyValueSpecification","valueRequired":true,"valueName":"search_term_string"}}],"inLanguage":"fr"}]}},"_links":{"self":[{"href":"https:\/\/www.intarcon.com\/fr\/wp-json\/wp\/v2\/event\/48802","targetHints":{"allow":["GET"]}}],"collection":[{"href":"https:\/\/www.intarcon.com\/fr\/wp-json\/wp\/v2\/event"}],"about":[{"href":"https:\/\/www.intarcon.com\/fr\/wp-json\/wp\/v2\/types\/event"}],"wp:attachment":[{"href":"https:\/\/www.intarcon.com\/fr\/wp-json\/wp\/v2\/media?parent=48802"}],"curies":[{"name":"wp","href":"https:\/\/api.w.org\/{rel}","templated":true}]}}