{"id":95565,"date":"2024-12-05T09:44:32","date_gmt":"2024-12-05T08:44:32","guid":{"rendered":"https:\/\/www.intarcon.com\/product\/compactos-de-pared-intarblock-pro-r290\/"},"modified":"2025-06-30T15:55:38","modified_gmt":"2025-06-30T13:55:38","slug":"kompaktgeraet-wandmontage-r290-pro","status":"publish","type":"product","link":"https:\/\/www.intarcon.com\/de\/produkt\/kompaktgeraet-wandmontage-r290-pro\/","title":{"rendered":"intarblock PRO R290"},"content":{"rendered":"<p>Das Kompaktger\u00e4t Wandmontage R290 PRO ist die perfekte L\u00f6sung f\u00fcr kleine bis mittlere K\u00fchlr\u00e4ume. Entwickelt f\u00fcr Profis, kombiniert es Effizienz, kompakte Bauweise und moderne Technik mit dem umweltfreundlichen K\u00e4ltemittel R-290.<\/p>\n<p>&nbsp;<\/p>\n","protected":false},"excerpt":{"rendered":"<h2 style=\"color: #999999; font-size: 18px; margin-bottom: 0px;\">\u00a0<strong data-start=\"84\" data-end=\"107\">Kompaktes K\u00fchlger\u00e4t<\/strong><\/h2>\n<p>Kompaktger\u00e4te f\u00fcr Wandmontage, entwickelt f\u00fcr K\u00fchl- und Tiefk\u00fchl-Minir\u00e4ume mit R290.<br \/>\n<style>.elementor-widget-button .elementor-button{background-color:var( --e-global-color-accent );}.elementor-67792 .elementor-element.elementor-element-138d4cb .elementor-button{background-color:#0085BB;font-family:\"Roboto\", Montserrat;font-size:1.1em;font-weight:600;text-decoration:none;fill:#FFFFFF;color:#FFFFFF;border-style:solid;border-width:2px 2px 2px 2px;border-color:#0085BB;border-radius:33px 33px 33px 33px;padding:14px 20px 14px 20px;}.elementor-67792 .elementor-element.elementor-element-138d4cb .elementor-button:hover, .elementor-67792 .elementor-element.elementor-element-138d4cb .elementor-button:focus{background-color:#FFFFFF;color:#0085BB;border-color:#0085BB;}.elementor-67792 .elementor-element.elementor-element-138d4cb > .elementor-widget-container{margin:2% 0% 1% 0%;}.elementor-67792 .elementor-element.elementor-element-138d4cb .elementor-button:hover svg, .elementor-67792 .elementor-element.elementor-element-138d4cb .elementor-button:focus svg{fill:#0085BB;}@media(max-width:767px){.elementor-67792 .elementor-element.elementor-element-138d4cb > .elementor-widget-container{margin:-20px 0px 50px 0px;}}<\/style><div class=\"porto-block\" data-id=\"67792\">\t\t<div data-elementor-type=\"wp-post\" data-elementor-id=\"67792\" class=\"elementor elementor-67792 elementor-29420\" data-elementor-post-type=\"porto_builder\">\n\t\t\t\t\t\t<section class=\"elementor-section elementor-top-section elementor-element elementor-element-4601687 elementor-section-boxed elementor-section-height-default elementor-section-height-default\" data-id=\"4601687\" data-element_type=\"section\">\r\n\t\t\r\n\t\t\t\t\t\t\t<div class=\"elementor-container elementor-column-gap-default\">\r\n\t\t\t\t\t\t\t\t\t\t\t<div class=\"elementor-column elementor-col-100 elementor-top-column elementor-element elementor-element-7f3a8ac\" data-id=\"7f3a8ac\" data-element_type=\"column\">\r\n\t\t\t\t\t<div class=\"elementor-widget-wrap elementor-element-populated\">\r\n\t\t\t\t\t\t\t\t<div class=\"elementor-element elementor-element-138d4cb elementor-align-left elementor-widget elementor-widget-button\" data-id=\"138d4cb\" data-element_type=\"widget\" data-widget_type=\"button.default\">\n\t\t\t\t<div class=\"elementor-widget-container\">\n\t\t\t\t\t\t\t\t\t<div class=\"elementor-button-wrapper\">\n\t\t\t\t\t<a class=\"elementor-button elementor-button-link elementor-size-md\" href=\"https:\/\/www.intarcon.com\/de\/technische-beratung\/\" id=\"cta-asesor\u00eda\">\n\t\t\t\t\t\t<span class=\"elementor-button-content-wrapper\">\n\t\t\t\t\t\t\t\t\t<span class=\"elementor-button-text\">Technische Beratung anfordern<\/span>\n\t\t\t\t\t<\/span>\n\t\t\t\t\t<\/a>\n\t\t\t\t<\/div>\n\t\t\t\t\t\t\t\t<\/div>\n\t\t\t\t<\/div>\n\t\t\t\t\t<\/div>\r\n\t\t\t\t<\/div>\r\n\t\t\t\t\t<\/div>\r\n\t\t\t\t<\/section>\r\n\t\t\t\t<\/div>\n\t\t<\/div><\/p>\n","protected":false},"featured_media":93021,"template":"","meta":[],"product_brand":[],"product_cat":[602,609],"product_tag":[],"class_list":{"0":"post-95565","1":"product","2":"type-product","3":"status-publish","4":"has-post-thumbnail","6":"product_cat-r290","7":"product_cat-kompakte-monoblock-gerate-r290","9":"first","10":"instock","11":"featured","12":"shipping-taxable","13":"product-type-simple"},"yoast_head":"<!-- This site is optimized with the Yoast SEO plugin v25.5 - https:\/\/yoast.com\/wordpress\/plugins\/seo\/ -->\n<title>Kompaktger\u00e4t Wandmontage R290 PRO \u2013 Intarblock<\/title>\n<meta name=\"description\" content=\"Kompaktger\u00e4t Wandmontage R290 PRO \u2013 Ideal f\u00fcr K\u00fchlr\u00e4ume, mit R-290, EC-L\u00fcftern, Abtauung &amp; Edelstahlwanne. F\u00fcr Profis entwickelt.\" \/>\n<meta name=\"robots\" content=\"index, follow, max-snippet:-1, max-image-preview:large, max-video-preview:-1\" \/>\n<link rel=\"canonical\" href=\"https:\/\/www.intarcon.com\/de\/produkt\/kompaktgeraet-wandmontage-r290-pro\/\" \/>\n<meta property=\"og:locale\" content=\"de_DE\" \/>\n<meta property=\"og:type\" content=\"article\" \/>\n<meta property=\"og:title\" content=\"Kompaktger\u00e4t Wandmontage R290 PRO \u2013 Intarblock\" \/>\n<meta property=\"og:description\" content=\"Kompaktger\u00e4t Wandmontage R290 PRO \u2013 Ideal f\u00fcr K\u00fchlr\u00e4ume, mit R-290, EC-L\u00fcftern, Abtauung &amp; Edelstahlwanne. F\u00fcr Profis entwickelt.\" \/>\n<meta property=\"og:url\" content=\"https:\/\/www.intarcon.com\/de\/produkt\/kompaktgeraet-wandmontage-r290-pro\/\" \/>\n<meta property=\"og:site_name\" content=\"INTARCON\" \/>\n<meta property=\"article:publisher\" content=\"https:\/\/www.facebook.com\/intarcon\/\" \/>\n<meta property=\"article:modified_time\" content=\"2025-06-30T13:55:38+00:00\" \/>\n<meta property=\"og:image\" content=\"https:\/\/www.intarcon.com\/wp-content\/uploads\/2024\/12\/equipo-refrigeracion-compacto-pared-intarblock-pro-r290.webp\" \/>\n\t<meta property=\"og:image:width\" content=\"600\" \/>\n\t<meta property=\"og:image:height\" content=\"600\" \/>\n\t<meta property=\"og:image:type\" content=\"image\/webp\" \/>\n<meta name=\"twitter:card\" content=\"summary_large_image\" \/>\n<meta name=\"twitter:site\" content=\"@Intarcon\" \/>\n<script type=\"application\/ld+json\" class=\"yoast-schema-graph\">{\"@context\":\"https:\/\/schema.org\",\"@graph\":[{\"@type\":\"WebPage\",\"@id\":\"https:\/\/www.intarcon.com\/de\/produkt\/kompaktgeraet-wandmontage-r290-pro\/\",\"url\":\"https:\/\/www.intarcon.com\/de\/produkt\/kompaktgeraet-wandmontage-r290-pro\/\",\"name\":\"Kompaktger\u00e4t Wandmontage R290 PRO \u2013 Intarblock\",\"isPartOf\":{\"@id\":\"https:\/\/www.intarcon.com\/de\/#website\"},\"primaryImageOfPage\":{\"@id\":\"https:\/\/www.intarcon.com\/de\/produkt\/kompaktgeraet-wandmontage-r290-pro\/#primaryimage\"},\"image\":{\"@id\":\"https:\/\/www.intarcon.com\/de\/produkt\/kompaktgeraet-wandmontage-r290-pro\/#primaryimage\"},\"thumbnailUrl\":\"https:\/\/www.intarcon.com\/wp-content\/uploads\/2024\/12\/equipo-refrigeracion-compacto-pared-intarblock-pro-r290.webp\",\"datePublished\":\"2024-12-05T08:44:32+00:00\",\"dateModified\":\"2025-06-30T13:55:38+00:00\",\"description\":\"Kompaktger\u00e4t Wandmontage R290 PRO \u2013 Ideal f\u00fcr K\u00fchlr\u00e4ume, mit R-290, EC-L\u00fcftern, Abtauung & Edelstahlwanne. F\u00fcr Profis entwickelt.\",\"breadcrumb\":{\"@id\":\"https:\/\/www.intarcon.com\/de\/produkt\/kompaktgeraet-wandmontage-r290-pro\/#breadcrumb\"},\"inLanguage\":\"de\",\"potentialAction\":[{\"@type\":\"ReadAction\",\"target\":[\"https:\/\/www.intarcon.com\/de\/produkt\/kompaktgeraet-wandmontage-r290-pro\/\"]}]},{\"@type\":\"ImageObject\",\"inLanguage\":\"de\",\"@id\":\"https:\/\/www.intarcon.com\/de\/produkt\/kompaktgeraet-wandmontage-r290-pro\/#primaryimage\",\"url\":\"https:\/\/www.intarcon.com\/wp-content\/uploads\/2024\/12\/equipo-refrigeracion-compacto-pared-intarblock-pro-r290.webp\",\"contentUrl\":\"https:\/\/www.intarcon.com\/wp-content\/uploads\/2024\/12\/equipo-refrigeracion-compacto-pared-intarblock-pro-r290.webp\",\"width\":600,\"height\":600,\"caption\":\"Equipo de refrigeraci\u00f3n compacto comercial de pared de INTARCON\"},{\"@type\":\"BreadcrumbList\",\"@id\":\"https:\/\/www.intarcon.com\/de\/produkt\/kompaktgeraet-wandmontage-r290-pro\/#breadcrumb\",\"itemListElement\":[{\"@type\":\"ListItem\",\"position\":1,\"name\":\"Portada\",\"item\":\"https:\/\/www.intarcon.com\/de\/\"},{\"@type\":\"ListItem\",\"position\":2,\"name\":\"Producto\",\"item\":\"https:\/\/www.intarcon.com\/producto\/\"},{\"@type\":\"ListItem\",\"position\":3,\"name\":\"R290\",\"item\":\"https:\/\/www.intarcon.com\/de\/technologie\/r290\/\"},{\"@type\":\"ListItem\",\"position\":4,\"name\":\"intarblock PRO R290\"}]},{\"@type\":\"WebSite\",\"@id\":\"https:\/\/www.intarcon.com\/de\/#website\",\"url\":\"https:\/\/www.intarcon.com\/de\/\",\"name\":\"INTARCON\",\"description\":\"\",\"potentialAction\":[{\"@type\":\"SearchAction\",\"target\":{\"@type\":\"EntryPoint\",\"urlTemplate\":\"https:\/\/www.intarcon.com\/de\/?s={search_term_string}\"},\"query-input\":{\"@type\":\"PropertyValueSpecification\",\"valueRequired\":true,\"valueName\":\"search_term_string\"}}],\"inLanguage\":\"de\"}]}<\/script>\n<!-- \/ Yoast SEO plugin. -->","yoast_head_json":{"title":"Kompaktger\u00e4t Wandmontage R290 PRO \u2013 Intarblock","description":"Kompaktger\u00e4t Wandmontage R290 PRO \u2013 Ideal f\u00fcr K\u00fchlr\u00e4ume, mit R-290, EC-L\u00fcftern, Abtauung & Edelstahlwanne. F\u00fcr Profis entwickelt.","robots":{"index":"index","follow":"follow","max-snippet":"max-snippet:-1","max-image-preview":"max-image-preview:large","max-video-preview":"max-video-preview:-1"},"canonical":"https:\/\/www.intarcon.com\/de\/produkt\/kompaktgeraet-wandmontage-r290-pro\/","og_locale":"de_DE","og_type":"article","og_title":"Kompaktger\u00e4t Wandmontage R290 PRO \u2013 Intarblock","og_description":"Kompaktger\u00e4t Wandmontage R290 PRO \u2013 Ideal f\u00fcr K\u00fchlr\u00e4ume, mit R-290, EC-L\u00fcftern, Abtauung & Edelstahlwanne. F\u00fcr Profis entwickelt.","og_url":"https:\/\/www.intarcon.com\/de\/produkt\/kompaktgeraet-wandmontage-r290-pro\/","og_site_name":"INTARCON","article_publisher":"https:\/\/www.facebook.com\/intarcon\/","article_modified_time":"2025-06-30T13:55:38+00:00","og_image":[{"width":600,"height":600,"url":"https:\/\/www.intarcon.com\/wp-content\/uploads\/2024\/12\/equipo-refrigeracion-compacto-pared-intarblock-pro-r290.webp","type":"image\/webp"}],"twitter_card":"summary_large_image","twitter_site":"@Intarcon","schema":{"@context":"https:\/\/schema.org","@graph":[{"@type":"WebPage","@id":"https:\/\/www.intarcon.com\/de\/produkt\/kompaktgeraet-wandmontage-r290-pro\/","url":"https:\/\/www.intarcon.com\/de\/produkt\/kompaktgeraet-wandmontage-r290-pro\/","name":"Kompaktger\u00e4t Wandmontage R290 PRO \u2013 Intarblock","isPartOf":{"@id":"https:\/\/www.intarcon.com\/de\/#website"},"primaryImageOfPage":{"@id":"https:\/\/www.intarcon.com\/de\/produkt\/kompaktgeraet-wandmontage-r290-pro\/#primaryimage"},"image":{"@id":"https:\/\/www.intarcon.com\/de\/produkt\/kompaktgeraet-wandmontage-r290-pro\/#primaryimage"},"thumbnailUrl":"https:\/\/www.intarcon.com\/wp-content\/uploads\/2024\/12\/equipo-refrigeracion-compacto-pared-intarblock-pro-r290.webp","datePublished":"2024-12-05T08:44:32+00:00","dateModified":"2025-06-30T13:55:38+00:00","description":"Kompaktger\u00e4t Wandmontage R290 PRO \u2013 Ideal f\u00fcr K\u00fchlr\u00e4ume, mit R-290, EC-L\u00fcftern, Abtauung & Edelstahlwanne. F\u00fcr Profis entwickelt.","breadcrumb":{"@id":"https:\/\/www.intarcon.com\/de\/produkt\/kompaktgeraet-wandmontage-r290-pro\/#breadcrumb"},"inLanguage":"de","potentialAction":[{"@type":"ReadAction","target":["https:\/\/www.intarcon.com\/de\/produkt\/kompaktgeraet-wandmontage-r290-pro\/"]}]},{"@type":"ImageObject","inLanguage":"de","@id":"https:\/\/www.intarcon.com\/de\/produkt\/kompaktgeraet-wandmontage-r290-pro\/#primaryimage","url":"https:\/\/www.intarcon.com\/wp-content\/uploads\/2024\/12\/equipo-refrigeracion-compacto-pared-intarblock-pro-r290.webp","contentUrl":"https:\/\/www.intarcon.com\/wp-content\/uploads\/2024\/12\/equipo-refrigeracion-compacto-pared-intarblock-pro-r290.webp","width":600,"height":600,"caption":"Equipo de refrigeraci\u00f3n compacto comercial de pared de INTARCON"},{"@type":"BreadcrumbList","@id":"https:\/\/www.intarcon.com\/de\/produkt\/kompaktgeraet-wandmontage-r290-pro\/#breadcrumb","itemListElement":[{"@type":"ListItem","position":1,"name":"Portada","item":"https:\/\/www.intarcon.com\/de\/"},{"@type":"ListItem","position":2,"name":"Producto","item":"https:\/\/www.intarcon.com\/producto\/"},{"@type":"ListItem","position":3,"name":"R290","item":"https:\/\/www.intarcon.com\/de\/technologie\/r290\/"},{"@type":"ListItem","position":4,"name":"intarblock PRO R290"}]},{"@type":"WebSite","@id":"https:\/\/www.intarcon.com\/de\/#website","url":"https:\/\/www.intarcon.com\/de\/","name":"INTARCON","description":"","potentialAction":[{"@type":"SearchAction","target":{"@type":"EntryPoint","urlTemplate":"https:\/\/www.intarcon.com\/de\/?s={search_term_string}"},"query-input":{"@type":"PropertyValueSpecification","valueRequired":true,"valueName":"search_term_string"}}],"inLanguage":"de"}]}},"_links":{"self":[{"href":"https:\/\/www.intarcon.com\/de\/wp-json\/wp\/v2\/product\/95565","targetHints":{"allow":["GET"]}}],"collection":[{"href":"https:\/\/www.intarcon.com\/de\/wp-json\/wp\/v2\/product"}],"about":[{"href":"https:\/\/www.intarcon.com\/de\/wp-json\/wp\/v2\/types\/product"}],"version-history":[{"count":0,"href":"https:\/\/www.intarcon.com\/de\/wp-json\/wp\/v2\/product\/95565\/revisions"}],"wp:featuredmedia":[{"embeddable":true,"href":"https:\/\/www.intarcon.com\/de\/wp-json\/wp\/v2\/media\/93021"}],"wp:attachment":[{"href":"https:\/\/www.intarcon.com\/de\/wp-json\/wp\/v2\/media?parent=95565"}],"wp:term":[{"taxonomy":"product_brand","embeddable":true,"href":"https:\/\/www.intarcon.com\/de\/wp-json\/wp\/v2\/product_brand?post=95565"},{"taxonomy":"product_cat","embeddable":true,"href":"https:\/\/www.intarcon.com\/de\/wp-json\/wp\/v2\/product_cat?post=95565"},{"taxonomy":"product_tag","embeddable":true,"href":"https:\/\/www.intarcon.com\/de\/wp-json\/wp\/v2\/product_tag?post=95565"}],"curies":[{"name":"wp","href":"https:\/\/api.w.org\/{rel}","templated":true}]}}