{"id":70822,"date":"2019-06-23T08:49:28","date_gmt":"2019-06-23T06:49:28","guid":{"rendered":"https:\/\/www.intarcon.com\/?post_type=product&#038;p=70822"},"modified":"2024-04-24T12:51:40","modified_gmt":"2024-04-24T10:51:40","slug":"gerate-fur-weinkeller","status":"publish","type":"product","link":"https:\/\/www.intarcon.com\/de\/produkt\/gerate-fur-weinkeller\/","title":{"rendered":"Ger\u00e4te f\u00fcr Weinkeller"},"content":{"rendered":"<p>Ger\u00e4te f\u00fcr die Klimatisierung von Weinkellern in Split-Bauweise mit ger\u00e4uscharmem oder Radial-Kondensator und Verdampfer f\u00fcr die Deckenmontage mit doppelter Luftstr\u00f6mung, Heizwiderst\u00e4nden, System zur Befeuchtung\/Entfeuchtung, Kondensatpumpe und in Monoblock-Bauweise f\u00fcr die Decke mit Axial- oder Radial-Kondensation.<\/p>\n<p><strong>Ausf\u00fchrungen<\/strong><\/p>\n<ul>\n<li>VSF-G: Split-Ger\u00e4t f\u00fcr Weinkeller mit ger\u00e4uscharmem Axial-Kondensator.<\/li>\n<li>VSH-CG: Split-Ger\u00e4t f\u00fcr Weinkeller mit Radial-Kondensator.<\/li>\n<li>VCR-N: Monoblock-Ger\u00e4t f\u00fcr Weinkeller mit Axial-Kondensator.<\/li>\n<li>VCR-C: Monoblock-Ger\u00e4t f\u00fcr Weinkeller mit Radial-Kondensator.<\/li>\n<\/ul>\n<p><strong>Baureihe VSH\/VSF<\/strong><\/p>\n<p><img fetchpriority=\"high\" decoding=\"async\" class=\"size-full wp-image-24399 aligncenter\" src=\"https:\/\/www.intarcon.com\/wp-content\/uploads\/2019\/06\/en-2021-instalacion-bodegas-vsf.png\" alt=\"en-2021-instalacion-bodegas-vsf\" width=\"559\" height=\"419\" srcset=\"https:\/\/www.intarcon.com\/wp-content\/uploads\/2019\/06\/en-2021-instalacion-bodegas-vsf.png 559w, https:\/\/www.intarcon.com\/wp-content\/uploads\/2019\/06\/en-2021-instalacion-bodegas-vsf-463x348.png 463w, https:\/\/www.intarcon.com\/wp-content\/uploads\/2019\/06\/en-2021-instalacion-bodegas-vsf-400x300.png 400w, https:\/\/www.intarcon.com\/wp-content\/uploads\/2019\/06\/en-2021-instalacion-bodegas-vsf-367x275.png 367w\" sizes=\"(max-width: 559px) 100vw, 559px\" \/><\/p>\n<p>&nbsp;<\/p>\n<p><strong>Baureihe VCR<\/strong><\/p>\n<p><img decoding=\"async\" class=\"size-full wp-image-23092 aligncenter\" src=\"https:\/\/www.intarcon.com\/wp-content\/uploads\/2019\/06\/instalacion-bodegas-compacto-EN.png\" alt=\"\" width=\"476\" height=\"319\" srcset=\"https:\/\/www.intarcon.com\/wp-content\/uploads\/2019\/06\/instalacion-bodegas-compacto-EN.png 476w, https:\/\/www.intarcon.com\/wp-content\/uploads\/2019\/06\/instalacion-bodegas-compacto-EN-400x268.png 400w, https:\/\/www.intarcon.com\/wp-content\/uploads\/2019\/06\/instalacion-bodegas-compacto-EN-367x246.png 367w\" sizes=\"(max-width: 476px) 100vw, 476px\" \/><\/p>\n<p><strong>Lagerung von in Flaschen abgef\u00fclltem Wein<\/strong><br \/>\nIn Flaschen abgef\u00fcllter Wein erfordert kontrollierte Temperatur- und Feuchtigkeitsbedingungen, die das Produkt optimal erhalten, ein Austrocknen des Korkens und eine Bildung von Schimmel an den Etiketten vermeiden. Die Anlagen zur Weinaufbereitung gew\u00e4hrleisten optimale Lagerbedingungen f\u00fcr Wein in Flaschen.<\/p>\n<p><strong>Lagerung von Wein in F\u00e4ssern<\/strong><br \/>\nBei der Lagerung von Wein in F\u00e4ssern hat die relative Luftfeuchtigkeit im Weinkeller eine gro\u00dfe Bedeutung und muss angepasst werden, damit es zu keiner Wasserdampf\u00fcbertragung von der Umgebung in das Innere des Fasses kommt und so Weinschwund oder die Absorption von Wasser durch den Inhalt vermieden wird.<\/p>\n<p><strong>Befeuchtungsbausatz f\u00fcr Au\u00dfendampf<\/strong><\/p>\n<p>Dampfbefeuchtung mit einer Kapazit\u00e4t von 3 kg\/h, bestehend<br \/>\naus: im Verdampfer integrierten Dampfd\u00fcsen, einem Generatorzylinder f\u00fcr Tauchelektroden mit Wasserzufuhr- und -ablassventilen.<\/p>\n","protected":false},"excerpt":{"rendered":"<h2 style=\"color: #999999; font-size: 18px; margin-bottom: 0px; line-height: 29px;\">Ger\u00e4te f\u00fcr Weinkeller<\/h2>\n<p>Ger\u00e4te f\u00fcr die Klimatisierung von Weinkellern in Split-Bauweise. <style>.elementor-widget-button .elementor-button{background-color:var( --e-global-color-accent );}.elementor-67792 .elementor-element.elementor-element-138d4cb .elementor-button{background-color:#0085BB;font-family:\"Roboto\", Montserrat;font-size:1.1em;font-weight:600;text-decoration:none;fill:#FFFFFF;color:#FFFFFF;border-style:solid;border-width:2px 2px 2px 2px;border-color:#0085BB;border-radius:33px 33px 33px 33px;padding:14px 20px 14px 20px;}.elementor-67792 .elementor-element.elementor-element-138d4cb .elementor-button:hover, .elementor-67792 .elementor-element.elementor-element-138d4cb .elementor-button:focus{background-color:#FFFFFF;color:#0085BB;border-color:#0085BB;}.elementor-67792 .elementor-element.elementor-element-138d4cb > .elementor-widget-container{margin:2% 0% 1% 0%;}.elementor-67792 .elementor-element.elementor-element-138d4cb .elementor-button:hover svg, .elementor-67792 .elementor-element.elementor-element-138d4cb .elementor-button:focus svg{fill:#0085BB;}@media(max-width:767px){.elementor-67792 .elementor-element.elementor-element-138d4cb > .elementor-widget-container{margin:-20px 0px 50px 0px;}}<\/style><div class=\"porto-block\" data-id=\"67792\">\t\t<div data-elementor-type=\"wp-post\" data-elementor-id=\"67792\" class=\"elementor elementor-67792 elementor-29420\" data-elementor-post-type=\"porto_builder\">\n\t\t\t\t\t\t<section class=\"elementor-section elementor-top-section elementor-element elementor-element-4601687 elementor-section-boxed elementor-section-height-default elementor-section-height-default\" data-id=\"4601687\" data-element_type=\"section\">\r\n\t\t\r\n\t\t\t\t\t\t\t<div class=\"elementor-container elementor-column-gap-default\">\r\n\t\t\t\t\t\t\t\t\t\t\t<div class=\"elementor-column elementor-col-100 elementor-top-column elementor-element elementor-element-7f3a8ac\" data-id=\"7f3a8ac\" data-element_type=\"column\">\r\n\t\t\t\t\t<div class=\"elementor-widget-wrap elementor-element-populated\">\r\n\t\t\t\t\t\t\t\t<div class=\"elementor-element elementor-element-138d4cb elementor-align-left elementor-widget elementor-widget-button\" data-id=\"138d4cb\" data-element_type=\"widget\" data-widget_type=\"button.default\">\n\t\t\t\t<div class=\"elementor-widget-container\">\n\t\t\t\t\t\t\t\t\t<div class=\"elementor-button-wrapper\">\n\t\t\t\t\t<a class=\"elementor-button elementor-button-link elementor-size-md\" href=\"https:\/\/www.intarcon.com\/de\/technische-beratung\/\" id=\"cta-asesor\u00eda\">\n\t\t\t\t\t\t<span class=\"elementor-button-content-wrapper\">\n\t\t\t\t\t\t\t\t\t<span class=\"elementor-button-text\">Technische Beratung anfordern<\/span>\n\t\t\t\t\t<\/span>\n\t\t\t\t\t<\/a>\n\t\t\t\t<\/div>\n\t\t\t\t\t\t\t\t<\/div>\n\t\t\t\t<\/div>\n\t\t\t\t\t<\/div>\r\n\t\t\t\t<\/div>\r\n\t\t\t\t\t<\/div>\r\n\t\t\t\t<\/section>\r\n\t\t\t\t<\/div>\n\t\t<\/div><\/p>\n","protected":false},"featured_media":89290,"template":"","meta":[],"product_brand":[],"product_cat":[632],"product_tag":[],"class_list":{"0":"post-70822","1":"product","2":"type-product","3":"status-publish","4":"has-post-thumbnail","6":"product_cat-gewerbliche-split","8":"first","9":"instock","10":"shipping-taxable","11":"product-type-simple"},"yoast_head":"<!-- This site is optimized with the Yoast SEO plugin v25.5 - https:\/\/yoast.com\/wordpress\/plugins\/seo\/ -->\n<title>Ger\u00e4te f\u00fcr Weinkeller - INTARCON<\/title>\n<meta name=\"description\" content=\"Ger\u00e4te f\u00fcr Weinkeller mit Verfl\u00fcssiger und ger\u00e4uscharmem oder radialem Verdampfer f\u00fcr die Deckenmontage mit doppeltem Luftstrom.\" \/>\n<meta name=\"robots\" content=\"index, follow, max-snippet:-1, max-image-preview:large, max-video-preview:-1\" \/>\n<link rel=\"canonical\" href=\"https:\/\/www.intarcon.com\/de\/produkt\/gerate-fur-weinkeller\/\" \/>\n<meta property=\"og:locale\" content=\"de_DE\" \/>\n<meta property=\"og:type\" content=\"article\" \/>\n<meta property=\"og:title\" content=\"Ger\u00e4te f\u00fcr Weinkeller - INTARCON\" \/>\n<meta property=\"og:description\" content=\"Ger\u00e4te f\u00fcr Weinkeller mit Verfl\u00fcssiger und ger\u00e4uscharmem oder radialem Verdampfer f\u00fcr die Deckenmontage mit doppeltem Luftstrom.\" \/>\n<meta property=\"og:url\" content=\"https:\/\/www.intarcon.com\/de\/produkt\/gerate-fur-weinkeller\/\" \/>\n<meta property=\"og:site_name\" content=\"INTARCON\" \/>\n<meta property=\"article:publisher\" content=\"https:\/\/www.facebook.com\/intarcon\/\" \/>\n<meta property=\"article:modified_time\" content=\"2024-04-24T10:51:40+00:00\" \/>\n<meta property=\"og:image\" content=\"https:\/\/www.intarcon.com\/wp-content\/uploads\/2019\/06\/equipo-semicompacto-refrigeracion-bodegas.webp\" \/>\n\t<meta property=\"og:image:width\" content=\"600\" \/>\n\t<meta property=\"og:image:height\" content=\"600\" \/>\n\t<meta property=\"og:image:type\" content=\"image\/webp\" \/>\n<meta name=\"twitter:card\" content=\"summary_large_image\" \/>\n<meta name=\"twitter:site\" content=\"@Intarcon\" \/>\n<meta name=\"twitter:label1\" content=\"Est. reading time\" \/>\n\t<meta name=\"twitter:data1\" content=\"1 minute\" \/>\n<script type=\"application\/ld+json\" class=\"yoast-schema-graph\">{\"@context\":\"https:\/\/schema.org\",\"@graph\":[{\"@type\":\"WebPage\",\"@id\":\"https:\/\/www.intarcon.com\/de\/produkt\/gerate-fur-weinkeller\/\",\"url\":\"https:\/\/www.intarcon.com\/de\/produkt\/gerate-fur-weinkeller\/\",\"name\":\"Ger\u00e4te f\u00fcr Weinkeller - INTARCON\",\"isPartOf\":{\"@id\":\"https:\/\/www.intarcon.com\/de\/#website\"},\"primaryImageOfPage\":{\"@id\":\"https:\/\/www.intarcon.com\/de\/produkt\/gerate-fur-weinkeller\/#primaryimage\"},\"image\":{\"@id\":\"https:\/\/www.intarcon.com\/de\/produkt\/gerate-fur-weinkeller\/#primaryimage\"},\"thumbnailUrl\":\"https:\/\/www.intarcon.com\/wp-content\/uploads\/2019\/06\/equipo-semicompacto-refrigeracion-bodegas.webp\",\"datePublished\":\"2019-06-23T06:49:28+00:00\",\"dateModified\":\"2024-04-24T10:51:40+00:00\",\"description\":\"Ger\u00e4te f\u00fcr Weinkeller mit Verfl\u00fcssiger und ger\u00e4uscharmem oder radialem Verdampfer f\u00fcr die Deckenmontage mit doppeltem Luftstrom.\",\"breadcrumb\":{\"@id\":\"https:\/\/www.intarcon.com\/de\/produkt\/gerate-fur-weinkeller\/#breadcrumb\"},\"inLanguage\":\"de\",\"potentialAction\":[{\"@type\":\"ReadAction\",\"target\":[\"https:\/\/www.intarcon.com\/de\/produkt\/gerate-fur-weinkeller\/\"]}]},{\"@type\":\"ImageObject\",\"inLanguage\":\"de\",\"@id\":\"https:\/\/www.intarcon.com\/de\/produkt\/gerate-fur-weinkeller\/#primaryimage\",\"url\":\"https:\/\/www.intarcon.com\/wp-content\/uploads\/2019\/06\/equipo-semicompacto-refrigeracion-bodegas.webp\",\"contentUrl\":\"https:\/\/www.intarcon.com\/wp-content\/uploads\/2019\/06\/equipo-semicompacto-refrigeracion-bodegas.webp\",\"width\":600,\"height\":600,\"caption\":\"Equipo semicompacto de refrigeraci\u00f3n para acondicionamiento de bodegas - INTARCON\"},{\"@type\":\"BreadcrumbList\",\"@id\":\"https:\/\/www.intarcon.com\/de\/produkt\/gerate-fur-weinkeller\/#breadcrumb\",\"itemListElement\":[{\"@type\":\"ListItem\",\"position\":1,\"name\":\"Portada\",\"item\":\"https:\/\/www.intarcon.com\/de\/\"},{\"@type\":\"ListItem\",\"position\":2,\"name\":\"Producto\",\"item\":\"https:\/\/www.intarcon.com\/producto\/\"},{\"@type\":\"ListItem\",\"position\":3,\"name\":\"HFC\",\"item\":\"https:\/\/www.intarcon.com\/de\/technologie\/hfc-kaltetechnik\/\"},{\"@type\":\"ListItem\",\"position\":4,\"name\":\"Gewerbliche Split\",\"item\":\"https:\/\/www.intarcon.com\/de\/technologie\/hfc-kaltetechnik\/gewerbliche-split\/\"},{\"@type\":\"ListItem\",\"position\":5,\"name\":\"Ger\u00e4te f\u00fcr Weinkeller\"}]},{\"@type\":\"WebSite\",\"@id\":\"https:\/\/www.intarcon.com\/de\/#website\",\"url\":\"https:\/\/www.intarcon.com\/de\/\",\"name\":\"INTARCON\",\"description\":\"\",\"potentialAction\":[{\"@type\":\"SearchAction\",\"target\":{\"@type\":\"EntryPoint\",\"urlTemplate\":\"https:\/\/www.intarcon.com\/de\/?s={search_term_string}\"},\"query-input\":{\"@type\":\"PropertyValueSpecification\",\"valueRequired\":true,\"valueName\":\"search_term_string\"}}],\"inLanguage\":\"de\"}]}<\/script>\n<!-- \/ Yoast SEO plugin. -->","yoast_head_json":{"title":"Ger\u00e4te f\u00fcr Weinkeller - INTARCON","description":"Ger\u00e4te f\u00fcr Weinkeller mit Verfl\u00fcssiger und ger\u00e4uscharmem oder radialem Verdampfer f\u00fcr die Deckenmontage mit doppeltem Luftstrom.","robots":{"index":"index","follow":"follow","max-snippet":"max-snippet:-1","max-image-preview":"max-image-preview:large","max-video-preview":"max-video-preview:-1"},"canonical":"https:\/\/www.intarcon.com\/de\/produkt\/gerate-fur-weinkeller\/","og_locale":"de_DE","og_type":"article","og_title":"Ger\u00e4te f\u00fcr Weinkeller - INTARCON","og_description":"Ger\u00e4te f\u00fcr Weinkeller mit Verfl\u00fcssiger und ger\u00e4uscharmem oder radialem Verdampfer f\u00fcr die Deckenmontage mit doppeltem Luftstrom.","og_url":"https:\/\/www.intarcon.com\/de\/produkt\/gerate-fur-weinkeller\/","og_site_name":"INTARCON","article_publisher":"https:\/\/www.facebook.com\/intarcon\/","article_modified_time":"2024-04-24T10:51:40+00:00","og_image":[{"width":600,"height":600,"url":"https:\/\/www.intarcon.com\/wp-content\/uploads\/2019\/06\/equipo-semicompacto-refrigeracion-bodegas.webp","type":"image\/webp"}],"twitter_card":"summary_large_image","twitter_site":"@Intarcon","twitter_misc":{"Est. reading time":"1 minute"},"schema":{"@context":"https:\/\/schema.org","@graph":[{"@type":"WebPage","@id":"https:\/\/www.intarcon.com\/de\/produkt\/gerate-fur-weinkeller\/","url":"https:\/\/www.intarcon.com\/de\/produkt\/gerate-fur-weinkeller\/","name":"Ger\u00e4te f\u00fcr Weinkeller - INTARCON","isPartOf":{"@id":"https:\/\/www.intarcon.com\/de\/#website"},"primaryImageOfPage":{"@id":"https:\/\/www.intarcon.com\/de\/produkt\/gerate-fur-weinkeller\/#primaryimage"},"image":{"@id":"https:\/\/www.intarcon.com\/de\/produkt\/gerate-fur-weinkeller\/#primaryimage"},"thumbnailUrl":"https:\/\/www.intarcon.com\/wp-content\/uploads\/2019\/06\/equipo-semicompacto-refrigeracion-bodegas.webp","datePublished":"2019-06-23T06:49:28+00:00","dateModified":"2024-04-24T10:51:40+00:00","description":"Ger\u00e4te f\u00fcr Weinkeller mit Verfl\u00fcssiger und ger\u00e4uscharmem oder radialem Verdampfer f\u00fcr die Deckenmontage mit doppeltem Luftstrom.","breadcrumb":{"@id":"https:\/\/www.intarcon.com\/de\/produkt\/gerate-fur-weinkeller\/#breadcrumb"},"inLanguage":"de","potentialAction":[{"@type":"ReadAction","target":["https:\/\/www.intarcon.com\/de\/produkt\/gerate-fur-weinkeller\/"]}]},{"@type":"ImageObject","inLanguage":"de","@id":"https:\/\/www.intarcon.com\/de\/produkt\/gerate-fur-weinkeller\/#primaryimage","url":"https:\/\/www.intarcon.com\/wp-content\/uploads\/2019\/06\/equipo-semicompacto-refrigeracion-bodegas.webp","contentUrl":"https:\/\/www.intarcon.com\/wp-content\/uploads\/2019\/06\/equipo-semicompacto-refrigeracion-bodegas.webp","width":600,"height":600,"caption":"Equipo semicompacto de refrigeraci\u00f3n para acondicionamiento de bodegas - INTARCON"},{"@type":"BreadcrumbList","@id":"https:\/\/www.intarcon.com\/de\/produkt\/gerate-fur-weinkeller\/#breadcrumb","itemListElement":[{"@type":"ListItem","position":1,"name":"Portada","item":"https:\/\/www.intarcon.com\/de\/"},{"@type":"ListItem","position":2,"name":"Producto","item":"https:\/\/www.intarcon.com\/producto\/"},{"@type":"ListItem","position":3,"name":"HFC","item":"https:\/\/www.intarcon.com\/de\/technologie\/hfc-kaltetechnik\/"},{"@type":"ListItem","position":4,"name":"Gewerbliche Split","item":"https:\/\/www.intarcon.com\/de\/technologie\/hfc-kaltetechnik\/gewerbliche-split\/"},{"@type":"ListItem","position":5,"name":"Ger\u00e4te f\u00fcr Weinkeller"}]},{"@type":"WebSite","@id":"https:\/\/www.intarcon.com\/de\/#website","url":"https:\/\/www.intarcon.com\/de\/","name":"INTARCON","description":"","potentialAction":[{"@type":"SearchAction","target":{"@type":"EntryPoint","urlTemplate":"https:\/\/www.intarcon.com\/de\/?s={search_term_string}"},"query-input":{"@type":"PropertyValueSpecification","valueRequired":true,"valueName":"search_term_string"}}],"inLanguage":"de"}]}},"_links":{"self":[{"href":"https:\/\/www.intarcon.com\/de\/wp-json\/wp\/v2\/product\/70822","targetHints":{"allow":["GET"]}}],"collection":[{"href":"https:\/\/www.intarcon.com\/de\/wp-json\/wp\/v2\/product"}],"about":[{"href":"https:\/\/www.intarcon.com\/de\/wp-json\/wp\/v2\/types\/product"}],"version-history":[{"count":0,"href":"https:\/\/www.intarcon.com\/de\/wp-json\/wp\/v2\/product\/70822\/revisions"}],"wp:featuredmedia":[{"embeddable":true,"href":"https:\/\/www.intarcon.com\/de\/wp-json\/wp\/v2\/media\/89290"}],"wp:attachment":[{"href":"https:\/\/www.intarcon.com\/de\/wp-json\/wp\/v2\/media?parent=70822"}],"wp:term":[{"taxonomy":"product_brand","embeddable":true,"href":"https:\/\/www.intarcon.com\/de\/wp-json\/wp\/v2\/product_brand?post=70822"},{"taxonomy":"product_cat","embeddable":true,"href":"https:\/\/www.intarcon.com\/de\/wp-json\/wp\/v2\/product_cat?post=70822"},{"taxonomy":"product_tag","embeddable":true,"href":"https:\/\/www.intarcon.com\/de\/wp-json\/wp\/v2\/product_tag?post=70822"}],"curies":[{"name":"wp","href":"https:\/\/api.w.org\/{rel}","templated":true}]}}